{"id":21,"date":"2026-04-24T14:57:57","date_gmt":"2026-04-24T14:57:57","guid":{"rendered":"https:\/\/ihgm.org.br\/site\/?page_id=21"},"modified":"2026-06-21T23:10:39","modified_gmt":"2026-06-21T23:10:39","slug":"diretoria","status":"publish","type":"page","link":"https:\/\/ihgm.org.br\/site\/institucional\/diretoria\/","title":{"rendered":"Diretoria"},"content":{"rendered":"<p><strong>GEST\u00c3O 2026-2027<\/strong><\/p>\n<p><img loading=\"lazy\" decoding=\"async\" class=\"alignnone size-medium wp-image-154\" src=\"https:\/\/ihgm.org.br\/site\/wp-content\/uploads\/2026\/06\/pres_jose_augusto-280x300.jpg\" alt=\"\" width=\"280\" height=\"300\" srcset=\"https:\/\/ihgm.org.br\/site\/wp-content\/uploads\/2026\/06\/pres_jose_augusto-280x300.jpg 280w, https:\/\/ihgm.org.br\/site\/wp-content\/uploads\/2026\/06\/pres_jose_augusto.jpg 350w\" sizes=\"auto, (max-width: 280px) 100vw, 280px\" \/><\/p>\n<p><strong>Presidente:<\/strong> Jos\u00e9 Augusto Silva Oliveira<\/p>\n<p><strong>Vice-Presidente:<\/strong> Jos\u00e9 Marcelo do Esp\u00edrito Santo<\/p>\n<p><strong>1\u00ba. Secret\u00e1ria:<\/strong> Elizabeth Sousa Abrantes<\/p>\n<p><strong>2\u00ba. Secret\u00e1ria:<\/strong> Dilercy Arag\u00e3o Adler<\/p>\n<p><strong>1\u00ba. Tesoureiro:<\/strong> Jos\u00e9 Ribamar de Castro Ramos<\/p>\n<p><strong>2\u00ba. Tesoureiro:<\/strong> Iran de Jesus Rodrigues dos Passos<\/p>\n<p><strong>Diretor de Patrim\u00f4nio:<\/strong> Francisco Roberto Brand\u00e3o Ferreira<\/p>\n<p>Diretor de Servi\u00e7os de Divulga\u00e7\u00e3o: Jonilson Silva Bog\u00e9a<\/p>\n<p><strong>CONSELHO FISCAL<\/strong><\/p>\n<p><strong>Conselho Fiscal \u2013 Titulares<\/strong><\/p>\n<p>Aline Carvalho do Nascimento<\/p>\n<p>Clores Holanda Silva<\/p>\n<p>Rita Ivana Barbosa Gomes<\/p>\n<p><strong>Conselho Fiscal \u2013 Suplentes<\/strong><\/p>\n<p>Jos\u00e9 Marcio Soares Leite<\/p>\n<p>Gutemberg Fernandes de Ara\u00fajo<\/p>\n<p>Ruy Palhano Silva<\/p>\n","protected":false},"excerpt":{"rendered":"<p>GEST\u00c3O 2026-2027 Presidente: Jos\u00e9 Augusto Silva Oliveira Vice-Presidente: Jos\u00e9 Marcelo do Esp\u00edrito Santo 1\u00ba. Secret\u00e1ria: Elizabeth Sousa Abrantes 2\u00ba. Secret\u00e1ria: Dilercy Arag\u00e3o Adler 1\u00ba. Tesoureiro: Jos\u00e9 Ribamar de Castro Ramos 2\u00ba. Tesoureiro: Iran de Jesus Rodrigues dos Passos Diretor de<\/p>\n","protected":false},"author":2,"featured_media":0,"parent":15,"menu_order":13,"comment_status":"closed","ping_status":"closed","template":"","meta":{"footnotes":""},"class_list":["post-21","page","type-page","status-publish","hentry"],"yoast_head":"<!-- This site is optimized with the Yoast SEO plugin v20.5 - https:\/\/yoast.com\/wordpress\/plugins\/seo\/ -->\n<title>Diretoria - IHGM -<\/title>\n<meta name=\"robots\" content=\"index, follow, max-snippet:-1, max-image-preview:large, max-video-preview:-1\" \/>\n<link rel=\"canonical\" href=\"https:\/\/ihgm.org.br\/site\/institucional\/diretoria\/\" \/>\n<meta property=\"og:locale\" content=\"pt_BR\" \/>\n<meta property=\"og:type\" content=\"article\" \/>\n<meta property=\"og:title\" content=\"Diretoria - IHGM -\" \/>\n<meta property=\"og:description\" content=\"GEST\u00c3O 2026-2027 Presidente: Jos\u00e9 Augusto Silva Oliveira Vice-Presidente: Jos\u00e9 Marcelo do Esp\u00edrito Santo 1\u00ba. Secret\u00e1ria: Elizabeth Sousa Abrantes 2\u00ba. Secret\u00e1ria: Dilercy Arag\u00e3o Adler 1\u00ba. Tesoureiro: Jos\u00e9 Ribamar de Castro Ramos 2\u00ba. Tesoureiro: Iran de Jesus Rodrigues dos Passos Diretor de\" \/>\n<meta property=\"og:url\" content=\"https:\/\/ihgm.org.br\/site\/institucional\/diretoria\/\" \/>\n<meta property=\"og:site_name\" content=\"IHGM -\" \/>\n<meta property=\"article:modified_time\" content=\"2026-06-21T23:10:39+00:00\" \/>\n<meta property=\"og:image\" content=\"https:\/\/ihgm.org.br\/site\/wp-content\/uploads\/2026\/06\/pres_jose_augusto-280x300.jpg\" \/>\n<meta name=\"twitter:card\" content=\"summary_large_image\" \/>\n<meta name=\"twitter:label1\" content=\"Est. tempo de leitura\" \/>\n\t<meta name=\"twitter:data1\" content=\"1 minuto\" \/>\n<script type=\"application\/ld+json\" class=\"yoast-schema-graph\">{\"@context\":\"https:\/\/schema.org\",\"@graph\":[{\"@type\":\"WebPage\",\"@id\":\"https:\/\/ihgm.org.br\/site\/institucional\/diretoria\/\",\"url\":\"https:\/\/ihgm.org.br\/site\/institucional\/diretoria\/\",\"name\":\"Diretoria - IHGM -\",\"isPartOf\":{\"@id\":\"https:\/\/ihgm.org.br\/site\/#website\"},\"datePublished\":\"2026-04-24T14:57:57+00:00\",\"dateModified\":\"2026-06-21T23:10:39+00:00\",\"breadcrumb\":{\"@id\":\"https:\/\/ihgm.org.br\/site\/institucional\/diretoria\/#breadcrumb\"},\"inLanguage\":\"pt-BR\",\"potentialAction\":[{\"@type\":\"ReadAction\",\"target\":[\"https:\/\/ihgm.org.br\/site\/institucional\/diretoria\/\"]}]},{\"@type\":\"BreadcrumbList\",\"@id\":\"https:\/\/ihgm.org.br\/site\/institucional\/diretoria\/#breadcrumb\",\"itemListElement\":[{\"@type\":\"ListItem\",\"position\":1,\"name\":\"In\u00edcio\",\"item\":\"https:\/\/ihgm.org.br\/site\/\"},{\"@type\":\"ListItem\",\"position\":2,\"name\":\"INSTITUCIONAL\",\"item\":\"https:\/\/ihgm.org.br\/site\/institucional\/\"},{\"@type\":\"ListItem\",\"position\":3,\"name\":\"Diretoria\"}]},{\"@type\":\"WebSite\",\"@id\":\"https:\/\/ihgm.org.br\/site\/#website\",\"url\":\"https:\/\/ihgm.org.br\/site\/\",\"name\":\"IHGM -\",\"description\":\"Instituto Hist\u00f3rico e Geogr\u00e1fico do Maranh\u00e3o\",\"potentialAction\":[{\"@type\":\"SearchAction\",\"target\":{\"@type\":\"EntryPoint\",\"urlTemplate\":\"https:\/\/ihgm.org.br\/site\/?s={search_term_string}\"},\"query-input\":\"required name=search_term_string\"}],\"inLanguage\":\"pt-BR\"}]}<\/script>\n<!-- \/ Yoast SEO plugin. -->","yoast_head_json":{"title":"Diretoria - IHGM -","robots":{"index":"index","follow":"follow","max-snippet":"max-snippet:-1","max-image-preview":"max-image-preview:large","max-video-preview":"max-video-preview:-1"},"canonical":"https:\/\/ihgm.org.br\/site\/institucional\/diretoria\/","og_locale":"pt_BR","og_type":"article","og_title":"Diretoria - IHGM -","og_description":"GEST\u00c3O 2026-2027 Presidente: Jos\u00e9 Augusto Silva Oliveira Vice-Presidente: Jos\u00e9 Marcelo do Esp\u00edrito Santo 1\u00ba. Secret\u00e1ria: Elizabeth Sousa Abrantes 2\u00ba. Secret\u00e1ria: Dilercy Arag\u00e3o Adler 1\u00ba. Tesoureiro: Jos\u00e9 Ribamar de Castro Ramos 2\u00ba. Tesoureiro: Iran de Jesus Rodrigues dos Passos Diretor de","og_url":"https:\/\/ihgm.org.br\/site\/institucional\/diretoria\/","og_site_name":"IHGM -","article_modified_time":"2026-06-21T23:10:39+00:00","og_image":[{"url":"https:\/\/ihgm.org.br\/site\/wp-content\/uploads\/2026\/06\/pres_jose_augusto-280x300.jpg"}],"twitter_card":"summary_large_image","twitter_misc":{"Est. tempo de leitura":"1 minuto"},"schema":{"@context":"https:\/\/schema.org","@graph":[{"@type":"WebPage","@id":"https:\/\/ihgm.org.br\/site\/institucional\/diretoria\/","url":"https:\/\/ihgm.org.br\/site\/institucional\/diretoria\/","name":"Diretoria - IHGM -","isPartOf":{"@id":"https:\/\/ihgm.org.br\/site\/#website"},"datePublished":"2026-04-24T14:57:57+00:00","dateModified":"2026-06-21T23:10:39+00:00","breadcrumb":{"@id":"https:\/\/ihgm.org.br\/site\/institucional\/diretoria\/#breadcrumb"},"inLanguage":"pt-BR","potentialAction":[{"@type":"ReadAction","target":["https:\/\/ihgm.org.br\/site\/institucional\/diretoria\/"]}]},{"@type":"BreadcrumbList","@id":"https:\/\/ihgm.org.br\/site\/institucional\/diretoria\/#breadcrumb","itemListElement":[{"@type":"ListItem","position":1,"name":"In\u00edcio","item":"https:\/\/ihgm.org.br\/site\/"},{"@type":"ListItem","position":2,"name":"INSTITUCIONAL","item":"https:\/\/ihgm.org.br\/site\/institucional\/"},{"@type":"ListItem","position":3,"name":"Diretoria"}]},{"@type":"WebSite","@id":"https:\/\/ihgm.org.br\/site\/#website","url":"https:\/\/ihgm.org.br\/site\/","name":"IHGM -","description":"Instituto Hist\u00f3rico e Geogr\u00e1fico do Maranh\u00e3o","potentialAction":[{"@type":"SearchAction","target":{"@type":"EntryPoint","urlTemplate":"https:\/\/ihgm.org.br\/site\/?s={search_term_string}"},"query-input":"required name=search_term_string"}],"inLanguage":"pt-BR"}]}},"_links":{"self":[{"href":"https:\/\/ihgm.org.br\/site\/wp-json\/wp\/v2\/pages\/21","targetHints":{"allow":["GET"]}}],"collection":[{"href":"https:\/\/ihgm.org.br\/site\/wp-json\/wp\/v2\/pages"}],"about":[{"href":"https:\/\/ihgm.org.br\/site\/wp-json\/wp\/v2\/types\/page"}],"author":[{"embeddable":true,"href":"https:\/\/ihgm.org.br\/site\/wp-json\/wp\/v2\/users\/2"}],"replies":[{"embeddable":true,"href":"https:\/\/ihgm.org.br\/site\/wp-json\/wp\/v2\/comments?post=21"}],"version-history":[{"count":5,"href":"https:\/\/ihgm.org.br\/site\/wp-json\/wp\/v2\/pages\/21\/revisions"}],"predecessor-version":[{"id":157,"href":"https:\/\/ihgm.org.br\/site\/wp-json\/wp\/v2\/pages\/21\/revisions\/157"}],"up":[{"embeddable":true,"href":"https:\/\/ihgm.org.br\/site\/wp-json\/wp\/v2\/pages\/15"}],"wp:attachment":[{"href":"https:\/\/ihgm.org.br\/site\/wp-json\/wp\/v2\/media?parent=21"}],"curies":[{"name":"wp","href":"https:\/\/api.w.org\/{rel}","templated":true}]}}