{"id":25,"date":"2026-04-24T14:59:34","date_gmt":"2026-04-24T14:59:34","guid":{"rendered":"https:\/\/ihgm.org.br\/site\/?page_id=25"},"modified":"2026-06-21T23:52:54","modified_gmt":"2026-06-21T23:52:54","slug":"galeriadepresidentes","status":"publish","type":"page","link":"https:\/\/ihgm.org.br\/site\/institucional\/galeriadepresidentes\/","title":{"rendered":"Galeria de Presidentes"},"content":{"rendered":"<div id='gallery-1' class='gallery galleryid-25 gallery-columns-3 gallery-size-full'><figure class='gallery-item'>\n\t\t\t<div class='gallery-icon portrait'>\n\t\t\t\t<a href='https:\/\/ihgm.org.br\/site\/institucional\/galeriadepresidentes\/jose-augusto\/'><img loading=\"lazy\" decoding=\"async\" width=\"204\" height=\"290\" src=\"https:\/\/ihgm.org.br\/site\/wp-content\/uploads\/2026\/06\/Jose-Augusto.png\" class=\"attachment-full size-full\" alt=\"\" aria-describedby=\"gallery-1-166\" \/><\/a>\n\t\t\t<\/div>\n\t\t\t\t<figcaption class='wp-caption-text gallery-caption' id='gallery-1-166'>\n\t\t\t\tJos\u00e9 Augusto (2018\/2020) e (2026\/2029)\n\t\t\t\t<\/figcaption><\/figure><figure class='gallery-item'>\n\t\t\t<div class='gallery-icon portrait'>\n\t\t\t\t<a href='https:\/\/ihgm.org.br\/site\/institucional\/galeriadepresidentes\/dilercy-aragao\/'><img loading=\"lazy\" decoding=\"async\" width=\"204\" height=\"290\" src=\"https:\/\/ihgm.org.br\/site\/wp-content\/uploads\/2026\/06\/Dilercy-Aragao.png\" class=\"attachment-full size-full\" alt=\"\" aria-describedby=\"gallery-1-159\" \/><\/a>\n\t\t\t<\/div>\n\t\t\t\t<figcaption class='wp-caption-text gallery-caption' id='gallery-1-159'>\n\t\t\t\tDilercy Arag\u00e3o Adler &#8211; \n(2021-2025)\n\t\t\t\t<\/figcaption><\/figure><figure class='gallery-item'>\n\t\t\t<div class='gallery-icon portrait'>\n\t\t\t\t<a href='https:\/\/ihgm.org.br\/site\/institucional\/galeriadepresidentes\/euges-silva\/'><img loading=\"lazy\" decoding=\"async\" width=\"204\" height=\"290\" src=\"https:\/\/ihgm.org.br\/site\/wp-content\/uploads\/2026\/06\/Euges-Silva.png\" class=\"attachment-full size-full\" alt=\"Euges Silva de Lima (2014\/2018)\" aria-describedby=\"gallery-1-163\" \/><\/a>\n\t\t\t<\/div>\n\t\t\t\t<figcaption class='wp-caption-text gallery-caption' id='gallery-1-163'>\n\t\t\t\tEuges Silva de Lima &#8211;\n(2014\/2018)\n\t\t\t\t<\/figcaption><\/figure><figure class='gallery-item'>\n\t\t\t<div class='gallery-icon portrait'>\n\t\t\t\t<a href='https:\/\/ihgm.org.br\/site\/institucional\/galeriadepresidentes\/telma-bonifacio\/'><img loading=\"lazy\" decoding=\"async\" width=\"204\" height=\"290\" src=\"https:\/\/ihgm.org.br\/site\/wp-content\/uploads\/2026\/06\/Telma-Bonifacio.png\" class=\"attachment-full size-full\" alt=\"Telma Bonif\u00e1cio dos Santos Reinaldo (2010\/2014)\" aria-describedby=\"gallery-1-173\" \/><\/a>\n\t\t\t<\/div>\n\t\t\t\t<figcaption class='wp-caption-text gallery-caption' id='gallery-1-173'>\n\t\t\t\tTelma Bonif\u00e1cio dos Santos Reinaldo\n(2010\/2014)\n\t\t\t\t<\/figcaption><\/figure><figure class='gallery-item'>\n\t\t\t<div class='gallery-icon portrait'>\n\t\t\t\t<a href='https:\/\/ihgm.org.br\/site\/institucional\/galeriadepresidentes\/eneida-vieira\/'><img loading=\"lazy\" decoding=\"async\" width=\"204\" height=\"290\" src=\"https:\/\/ihgm.org.br\/site\/wp-content\/uploads\/2026\/06\/Eneida-Vieira.png\" class=\"attachment-full size-full\" alt=\"Eneida Vieira da Silva Ostria de Canedo (2006\/2010)\" aria-describedby=\"gallery-1-162\" \/><\/a>\n\t\t\t<\/div>\n\t\t\t\t<figcaption class='wp-caption-text gallery-caption' id='gallery-1-162'>\n\t\t\t\tEneida Vieira da Silva Ostria de Canedo\n(2006\/2010)\n\t\t\t\t<\/figcaption><\/figure><figure class='gallery-item'>\n\t\t\t<div class='gallery-icon portrait'>\n\t\t\t\t<a href='https:\/\/ihgm.org.br\/site\/institucional\/galeriadepresidentes\/nywaldo-macieira\/'><img loading=\"lazy\" decoding=\"async\" width=\"204\" height=\"290\" src=\"https:\/\/ihgm.org.br\/site\/wp-content\/uploads\/2026\/06\/Nywaldo-Macieira.png\" class=\"attachment-full size-full\" alt=\"Nywaldo Macieira (2002\/2006)\" aria-describedby=\"gallery-1-171\" \/><\/a>\n\t\t\t<\/div>\n\t\t\t\t<figcaption class='wp-caption-text gallery-caption' id='gallery-1-171'>\n\t\t\t\tNywaldo Macieira\n(2002\/2006)\n\t\t\t\t<\/figcaption><\/figure><figure class='gallery-item'>\n\t\t\t<div class='gallery-icon portrait'>\n\t\t\t\t<a href='https:\/\/ihgm.org.br\/site\/institucional\/galeriadepresidentes\/edomir-martins\/'><img loading=\"lazy\" decoding=\"async\" width=\"204\" height=\"290\" src=\"https:\/\/ihgm.org.br\/site\/wp-content\/uploads\/2026\/06\/Edomir-Martins.png\" class=\"attachment-full size-full\" alt=\"Edomir Martins de Oliveira (2000\/2002)\" aria-describedby=\"gallery-1-160\" \/><\/a>\n\t\t\t<\/div>\n\t\t\t\t<figcaption class='wp-caption-text gallery-caption' id='gallery-1-160'>\n\t\t\t\tEdomir Martins de Oliveira\n(2000\/2002)\n\t\t\t\t<\/figcaption><\/figure><figure class='gallery-item'>\n\t\t\t<div class='gallery-icon portrait'>\n\t\t\t\t<a href='https:\/\/ihgm.org.br\/site\/institucional\/galeriadepresidentes\/jorge-hedel\/'><img loading=\"lazy\" decoding=\"async\" width=\"204\" height=\"290\" src=\"https:\/\/ihgm.org.br\/site\/wp-content\/uploads\/2026\/06\/Jorge-Hedel.png\" class=\"attachment-full size-full\" alt=\"Jorge H\u00e9del \u00c1zar (1994\/2000)\" aria-describedby=\"gallery-1-165\" \/><\/a>\n\t\t\t<\/div>\n\t\t\t\t<figcaption class='wp-caption-text gallery-caption' id='gallery-1-165'>\n\t\t\t\tJorge H\u00e9del \u00c1zar\n(1994\/2000)\n\t\t\t\t<\/figcaption><\/figure><figure class='gallery-item'>\n\t\t\t<div class='gallery-icon portrait'>\n\t\t\t\t<a href='https:\/\/ihgm.org.br\/site\/institucional\/galeriadepresidentes\/jose-ribamar\/'><img loading=\"lazy\" decoding=\"async\" width=\"204\" height=\"290\" src=\"https:\/\/ihgm.org.br\/site\/wp-content\/uploads\/2026\/06\/Jose-Ribamar.png\" class=\"attachment-full size-full\" alt=\"Jos\u00e9 Ribamar Seguins (1972\/1994)\" aria-describedby=\"gallery-1-168\" \/><\/a>\n\t\t\t<\/div>\n\t\t\t\t<figcaption class='wp-caption-text gallery-caption' id='gallery-1-168'>\n\t\t\t\tJos\u00e9 Ribamar Seguins (1972\/1994)\n\t\t\t\t<\/figcaption><\/figure><figure class='gallery-item'>\n\t\t\t<div class='gallery-icon portrait'>\n\t\t\t\t<a href='https:\/\/ihgm.org.br\/site\/institucional\/galeriadepresidentes\/ruben-ribeiro\/'><img loading=\"lazy\" decoding=\"async\" width=\"204\" height=\"290\" src=\"https:\/\/ihgm.org.br\/site\/wp-content\/uploads\/2026\/06\/Ruben-Ribeiro.png\" class=\"attachment-full size-full\" alt=\"Ruben Ribeiro de Almeida (1961\/1972)\" aria-describedby=\"gallery-1-172\" \/><\/a>\n\t\t\t<\/div>\n\t\t\t\t<figcaption class='wp-caption-text gallery-caption' id='gallery-1-172'>\n\t\t\t\tRuben Ribeiro de Almeida\n(1961\/1972)\n\t\t\t\t<\/figcaption><\/figure><figure class='gallery-item'>\n\t\t\t<div class='gallery-icon portrait'>\n\t\t\t\t<a href='https:\/\/ihgm.org.br\/site\/institucional\/galeriadepresidentes\/elisabeto-barbosa\/'><img loading=\"lazy\" decoding=\"async\" width=\"204\" height=\"290\" src=\"https:\/\/ihgm.org.br\/site\/wp-content\/uploads\/2026\/06\/Elisabeto-Barbosa.png\" class=\"attachment-full size-full\" alt=\"Elisabeto Barbosa de Carvalho (1955\/1957)\" aria-describedby=\"gallery-1-161\" \/><\/a>\n\t\t\t<\/div>\n\t\t\t\t<figcaption class='wp-caption-text gallery-caption' id='gallery-1-161'>\n\t\t\t\tElisabeto Barbosa de Carvalho (1955\/1957)\n\t\t\t\t<\/figcaption><\/figure><figure class='gallery-item'>\n\t\t\t<div class='gallery-icon portrait'>\n\t\t\t\t<a href='https:\/\/ihgm.org.br\/site\/institucional\/galeriadepresidentes\/leopoldino-lisboa\/'><img loading=\"lazy\" decoding=\"async\" width=\"204\" height=\"290\" src=\"https:\/\/ihgm.org.br\/site\/wp-content\/uploads\/2026\/06\/Leopoldino-Lisboa.png\" class=\"attachment-full size-full\" alt=\"Leopoldino Lisboa (1953\/1955)\" aria-describedby=\"gallery-1-170\" \/><\/a>\n\t\t\t<\/div>\n\t\t\t\t<figcaption class='wp-caption-text gallery-caption' id='gallery-1-170'>\n\t\t\t\tLeopoldino Lisboa\n(1953\/1955)\n\t\t\t\t<\/figcaption><\/figure><figure class='gallery-item'>\n\t\t\t<div class='gallery-icon portrait'>\n\t\t\t\t<a href='https:\/\/ihgm.org.br\/site\/institucional\/galeriadepresidentes\/joao-braulino\/'><img loading=\"lazy\" decoding=\"async\" width=\"204\" height=\"290\" src=\"https:\/\/ihgm.org.br\/site\/wp-content\/uploads\/2026\/06\/Joao-Braulino.png\" class=\"attachment-full size-full\" alt=\"Jo\u00e3o Braulino de Carvalho (1933\/1953)\" aria-describedby=\"gallery-1-164\" \/><\/a>\n\t\t\t<\/div>\n\t\t\t\t<figcaption class='wp-caption-text gallery-caption' id='gallery-1-164'>\n\t\t\t\tJo\u00e3o Braulino de Carvalho\n(1933\/1953)\n\t\t\t\t<\/figcaption><\/figure><figure class='gallery-item'>\n\t\t\t<div class='gallery-icon portrait'>\n\t\t\t\t<a href='https:\/\/ihgm.org.br\/site\/institucional\/galeriadepresidentes\/jose-domingues\/'><img loading=\"lazy\" decoding=\"async\" width=\"204\" height=\"290\" src=\"https:\/\/ihgm.org.br\/site\/wp-content\/uploads\/2026\/06\/Jose-Domingues.png\" class=\"attachment-full size-full\" alt=\"Jos\u00e9 Domingues (1930\/1933)\" aria-describedby=\"gallery-1-167\" \/><\/a>\n\t\t\t<\/div>\n\t\t\t\t<figcaption class='wp-caption-text gallery-caption' id='gallery-1-167'>\n\t\t\t\tJos\u00e9 Domingues\n(1930\/1933)\n\t\t\t\t<\/figcaption><\/figure><figure class='gallery-item'>\n\t\t\t<div class='gallery-icon portrait'>\n\t\t\t\t<a href='https:\/\/ihgm.org.br\/site\/institucional\/galeriadepresidentes\/justo-jansen\/'><img loading=\"lazy\" decoding=\"async\" width=\"204\" height=\"290\" src=\"https:\/\/ihgm.org.br\/site\/wp-content\/uploads\/2026\/06\/Justo-Jansen.png\" class=\"attachment-full size-full\" alt=\"Justo Jansen Ferreira (1925\/1930)\" aria-describedby=\"gallery-1-169\" \/><\/a>\n\t\t\t<\/div>\n\t\t\t\t<figcaption class='wp-caption-text gallery-caption' id='gallery-1-169'>\n\t\t\t\tJusto Jansen Ferreira\n(1925\/1930)\n\t\t\t\t<\/figcaption><\/figure>\n\t\t<\/div>\n\n","protected":false},"excerpt":{"rendered":"","protected":false},"author":2,"featured_media":0,"parent":15,"menu_order":15,"comment_status":"closed","ping_status":"closed","template":"","meta":{"footnotes":""},"class_list":["post-25","page","type-page","status-publish","hentry"],"yoast_head":"<!-- This site is optimized with the Yoast SEO plugin v20.5 - https:\/\/yoast.com\/wordpress\/plugins\/seo\/ -->\n<title>Galeria de Presidentes - IHGM -<\/title>\n<meta name=\"robots\" content=\"index, follow, max-snippet:-1, max-image-preview:large, max-video-preview:-1\" \/>\n<link rel=\"canonical\" href=\"https:\/\/ihgm.org.br\/site\/institucional\/galeriadepresidentes\/\" \/>\n<meta property=\"og:locale\" content=\"pt_BR\" \/>\n<meta property=\"og:type\" content=\"article\" \/>\n<meta property=\"og:title\" content=\"Galeria de Presidentes - IHGM -\" \/>\n<meta property=\"og:url\" content=\"https:\/\/ihgm.org.br\/site\/institucional\/galeriadepresidentes\/\" \/>\n<meta property=\"og:site_name\" content=\"IHGM -\" \/>\n<meta property=\"article:modified_time\" content=\"2026-06-21T23:52:54+00:00\" \/>\n<meta property=\"og:image\" content=\"https:\/\/ihgm.org.br\/site\/wp-content\/uploads\/2026\/06\/Jose-Augusto.png\" \/>\n<meta name=\"twitter:card\" content=\"summary_large_image\" \/>\n<meta name=\"twitter:label1\" content=\"Est. tempo de leitura\" \/>\n\t<meta name=\"twitter:data1\" content=\"1 minuto\" \/>\n<script type=\"application\/ld+json\" class=\"yoast-schema-graph\">{\"@context\":\"https:\/\/schema.org\",\"@graph\":[{\"@type\":\"WebPage\",\"@id\":\"https:\/\/ihgm.org.br\/site\/institucional\/galeriadepresidentes\/\",\"url\":\"https:\/\/ihgm.org.br\/site\/institucional\/galeriadepresidentes\/\",\"name\":\"Galeria de Presidentes - IHGM -\",\"isPartOf\":{\"@id\":\"https:\/\/ihgm.org.br\/site\/#website\"},\"datePublished\":\"2026-04-24T14:59:34+00:00\",\"dateModified\":\"2026-06-21T23:52:54+00:00\",\"breadcrumb\":{\"@id\":\"https:\/\/ihgm.org.br\/site\/institucional\/galeriadepresidentes\/#breadcrumb\"},\"inLanguage\":\"pt-BR\",\"potentialAction\":[{\"@type\":\"ReadAction\",\"target\":[\"https:\/\/ihgm.org.br\/site\/institucional\/galeriadepresidentes\/\"]}]},{\"@type\":\"BreadcrumbList\",\"@id\":\"https:\/\/ihgm.org.br\/site\/institucional\/galeriadepresidentes\/#breadcrumb\",\"itemListElement\":[{\"@type\":\"ListItem\",\"position\":1,\"name\":\"In\u00edcio\",\"item\":\"https:\/\/ihgm.org.br\/site\/\"},{\"@type\":\"ListItem\",\"position\":2,\"name\":\"INSTITUCIONAL\",\"item\":\"https:\/\/ihgm.org.br\/site\/institucional\/\"},{\"@type\":\"ListItem\",\"position\":3,\"name\":\"Galeria de Presidentes\"}]},{\"@type\":\"WebSite\",\"@id\":\"https:\/\/ihgm.org.br\/site\/#website\",\"url\":\"https:\/\/ihgm.org.br\/site\/\",\"name\":\"IHGM -\",\"description\":\"Instituto Hist\u00f3rico e Geogr\u00e1fico do Maranh\u00e3o\",\"potentialAction\":[{\"@type\":\"SearchAction\",\"target\":{\"@type\":\"EntryPoint\",\"urlTemplate\":\"https:\/\/ihgm.org.br\/site\/?s={search_term_string}\"},\"query-input\":\"required name=search_term_string\"}],\"inLanguage\":\"pt-BR\"}]}<\/script>\n<!-- \/ Yoast SEO plugin. -->","yoast_head_json":{"title":"Galeria de Presidentes - IHGM -","robots":{"index":"index","follow":"follow","max-snippet":"max-snippet:-1","max-image-preview":"max-image-preview:large","max-video-preview":"max-video-preview:-1"},"canonical":"https:\/\/ihgm.org.br\/site\/institucional\/galeriadepresidentes\/","og_locale":"pt_BR","og_type":"article","og_title":"Galeria de Presidentes - IHGM -","og_url":"https:\/\/ihgm.org.br\/site\/institucional\/galeriadepresidentes\/","og_site_name":"IHGM -","article_modified_time":"2026-06-21T23:52:54+00:00","og_image":[{"url":"https:\/\/ihgm.org.br\/site\/wp-content\/uploads\/2026\/06\/Jose-Augusto.png"}],"twitter_card":"summary_large_image","twitter_misc":{"Est. tempo de leitura":"1 minuto"},"schema":{"@context":"https:\/\/schema.org","@graph":[{"@type":"WebPage","@id":"https:\/\/ihgm.org.br\/site\/institucional\/galeriadepresidentes\/","url":"https:\/\/ihgm.org.br\/site\/institucional\/galeriadepresidentes\/","name":"Galeria de Presidentes - IHGM -","isPartOf":{"@id":"https:\/\/ihgm.org.br\/site\/#website"},"datePublished":"2026-04-24T14:59:34+00:00","dateModified":"2026-06-21T23:52:54+00:00","breadcrumb":{"@id":"https:\/\/ihgm.org.br\/site\/institucional\/galeriadepresidentes\/#breadcrumb"},"inLanguage":"pt-BR","potentialAction":[{"@type":"ReadAction","target":["https:\/\/ihgm.org.br\/site\/institucional\/galeriadepresidentes\/"]}]},{"@type":"BreadcrumbList","@id":"https:\/\/ihgm.org.br\/site\/institucional\/galeriadepresidentes\/#breadcrumb","itemListElement":[{"@type":"ListItem","position":1,"name":"In\u00edcio","item":"https:\/\/ihgm.org.br\/site\/"},{"@type":"ListItem","position":2,"name":"INSTITUCIONAL","item":"https:\/\/ihgm.org.br\/site\/institucional\/"},{"@type":"ListItem","position":3,"name":"Galeria de Presidentes"}]},{"@type":"WebSite","@id":"https:\/\/ihgm.org.br\/site\/#website","url":"https:\/\/ihgm.org.br\/site\/","name":"IHGM -","description":"Instituto Hist\u00f3rico e Geogr\u00e1fico do Maranh\u00e3o","potentialAction":[{"@type":"SearchAction","target":{"@type":"EntryPoint","urlTemplate":"https:\/\/ihgm.org.br\/site\/?s={search_term_string}"},"query-input":"required name=search_term_string"}],"inLanguage":"pt-BR"}]}},"_links":{"self":[{"href":"https:\/\/ihgm.org.br\/site\/wp-json\/wp\/v2\/pages\/25","targetHints":{"allow":["GET"]}}],"collection":[{"href":"https:\/\/ihgm.org.br\/site\/wp-json\/wp\/v2\/pages"}],"about":[{"href":"https:\/\/ihgm.org.br\/site\/wp-json\/wp\/v2\/types\/page"}],"author":[{"embeddable":true,"href":"https:\/\/ihgm.org.br\/site\/wp-json\/wp\/v2\/users\/2"}],"replies":[{"embeddable":true,"href":"https:\/\/ihgm.org.br\/site\/wp-json\/wp\/v2\/comments?post=25"}],"version-history":[{"count":3,"href":"https:\/\/ihgm.org.br\/site\/wp-json\/wp\/v2\/pages\/25\/revisions"}],"predecessor-version":[{"id":175,"href":"https:\/\/ihgm.org.br\/site\/wp-json\/wp\/v2\/pages\/25\/revisions\/175"}],"up":[{"embeddable":true,"href":"https:\/\/ihgm.org.br\/site\/wp-json\/wp\/v2\/pages\/15"}],"wp:attachment":[{"href":"https:\/\/ihgm.org.br\/site\/wp-json\/wp\/v2\/media?parent=25"}],"curies":[{"name":"wp","href":"https:\/\/api.w.org\/{rel}","templated":true}]}}