{"id":27,"date":"2026-04-24T15:00:56","date_gmt":"2026-04-24T15:00:56","guid":{"rendered":"https:\/\/ihgm.org.br\/site\/?page_id=27"},"modified":"2026-06-21T23:56:19","modified_gmt":"2026-06-21T23:56:19","slug":"patronoseocupantes","status":"publish","type":"page","link":"https:\/\/ihgm.org.br\/site\/institucional\/patronoseocupantes\/","title":{"rendered":"Patronos e Ocupantes"},"content":{"rendered":"<p><strong>CADEIRA N.\u00ba 01<br \/>\nPATRONO: CLAUDE D\u2019ABBEVILLE<\/strong><br \/>\n1\u00ba Ocupante: Mons. Jos\u00e9 Maria Lemercier<br \/>\n2\u00ba Ocupante: Prof. Jer\u00f4nimo Jos\u00e9 de Viveiros<br \/>\n3\u00ba Ocupante: Mons. Ladislau Papp<br \/>\n4\u00ba Ocupante: Laura Rosa dos Reis<br \/>\nOcupante Atual: Dra. Dilercy Arag\u00e3o Adler (<a href=\"https:\/\/ihgm.org.br\/curriculos\/dilercyaragaoadler\/Curriculo_DilercyAragaoAdler.pdf\" target=\"_blank\" rel=\"noopener\">ver curriculo<\/a>)<\/p>\n<p><strong>CADEIRA N.\u00ba 02<br \/>\nPATRONO: YVES D\u2019EVREUX<\/strong><br \/>\n1\u00ba Ocupante: Raimundo Lopes da Cunha<br \/>\n2\u00ba Ocupante: Thomas Moses<br \/>\n3\u00ba Ocupante: Joaquim Vieira da Luz<br \/>\n4\u00ba Ocupante: Prof. Josemar Bezerra Rap\u00f4so (S\u00f3cio Honor\u00e1rio) faleceu em 13.03.2020<br \/>\n5\u00ba Ocupante: Francarlos Diniz Ribeiro (Art 14 \u2013 declarado vaga na AGO 25.01.2023)<br \/>\nOcupante Atual: Diomar das Gra\u00e7as Motta<\/p>\n<p><strong>CADEIRA N.\u00ba 03<br \/>\nPATRONO: DIOGO DE CAMPOS MORENO<\/strong><br \/>\n1\u00ba Ocupante: Des. Benedito Barros e Vasconcellos<br \/>\n2\u00ba Ocupante: Robson Campos Martins<br \/>\n3\u00ba Ocupante: Dr. Raimundo Cardoso Nogueira \u2013<br \/>\n4\u00ba Ocupante: Jo\u00e3o Batista Ericeira \u2013 Faleceu em 10.10.2022<br \/>\nOcupante Atual: Jos\u00e9 Ribamar de Castro Ramos (Baial)<\/p>\n<p><strong>CADEIRA N.\u00ba N.\u00ba 04<br \/>\nPATRONO: SIM\u00c3O EST\u00c1CIO DA SILVEIRA<\/strong><br \/>\n1\u00ba Ocupante: Raimundo Clarindo Santiago (nascido em 12\/08\/1893)<br \/>\n2\u00ba Ocupante: Dr. Alfredo Bena<br \/>\n3\u00ba Ocupante: Dr. Clodoaldo Cardoso (nascido em 07\/08\/1894)<br \/>\n4\u00ba Ocupante: Carlos Alberto Santos Ramos (renunciante t\u00e1cita)<br \/>\nOcupante Atual: Ana L\u00edvia Bomfim Vieira<\/p>\n<p><strong>CADEIRA N.\u00ba 05<br \/>\nPATRONO: Pe. LU\u00cdS FIGUEIRA<\/strong><br \/>\n1\u00ba Ocupante: Pe. Jos\u00e9 Ferreira Gomes<br \/>\nOcupante Atual: Raimundo Nonato Serra Campos Filho<\/p>\n<p><strong>CADEIRA N.\u00ba 06<br \/>\nPATRONO: Pe. ANTONIO VIEIRA<\/strong><br \/>\n1\u00ba Ocupante: Mons. Arias de Almeida Cruz<br \/>\n2\u00ba Ocupante: Josu\u00e9 de Sousa Montello (nascido em 21\/08\/1917)<br \/>\n3\u00ba Ocupante: Dr Milson de Sousa Coutinho<br \/>\n4\u00ba Ocupante: Telma Bonif\u00e1cio dos Santos Reinaldo (renunciante t\u00e1cita)<br \/>\nOcupante Atual: Ruy Palhano Silva<\/p>\n<p><strong>CADEIRA N.\u00ba 07<br \/>\nPATRONO: JO\u00c3O DE SOUSA FERREIRA<\/strong><br \/>\n1\u00ba Ocupante: Ten. Renato Diniz do Nascimento e Silva<br \/>\n2\u00ba Ocupante: Jos\u00e9 Maria Ramos Martins (S\u00f3cio Honor\u00e1rio)<br \/>\n3\u00ba Ocupante: Iva Souza da Silva (renunciante t\u00e1cita)<br \/>\nOcupante Atual: Sanatiel de Jesus Pereira<\/p>\n<p><strong>CADEIRA N.\u00ba 08<br \/>\nPATRONO: JO\u00c3O FELIPE BETTENDORF (nascido em 25\/08\/1625)<\/strong><br \/>\n1\u00ba Ocupante: Des. Henrique Costa Fernandes<br \/>\n2\u00ba Ocupante: Jos\u00e9 Ribeiro do Amaral<br \/>\n3\u00ba Ocupante: Bernardo Coelho de Almeida (BCA)<br \/>\n4\u00ba Ocupante: Osvaldo Pereira Rocha (Pediu afastamento) Nascido 20.03.1939 \/ Falecido 25.09.2023<br \/>\n5\u00ba Ocupante: Jossilene Louzeiro Alves (Renunciante t\u00e1cito)<br \/>\nOcupante atual: Jos\u00e9 Ribamar de Sousa Almeida<\/p>\n<p><strong>CADEIRA N.\u00ba 09<br \/>\nPATRONO: BERNADINO PEREIRA DE BERREDO E CASTRO<\/strong><br \/>\n1\u00ba Ocupante: Ruben Ribeiro de Almeida<br \/>\n2\u00ba Ocupante: Rosa Mochel Martins<br \/>\n3\u00ba Ocupante: \u00c9den do Carmo Soares (renunciante t\u00e1cita)<br \/>\nOcupante Atual: Antonio Guimar\u00e3es de Oliveira<\/p>\n<p><strong>CADEIRA N.\u00ba 10<br \/>\nPATRONO: PE. JOS\u00c9 DE MORAES<\/strong><br \/>\n1\u00ba Ocupante: Dr. Adalberto Acioli Sobral (nascido em 02\/08\/1887)<br \/>\n2\u00ba Ocupante: Ivan Celso Furtado da Costa<br \/>\n3\u00ba Ocupante: Alexandre Fernandes Corr\u00eaa (Pediu afastamento)<br \/>\n4\u00ba Ocupante: Jocelina Correia Monteiro<br \/>\nOcupante Atual: Edmilson Sanches<\/p>\n<p><strong>CADEIRA N\u00ba 11<br \/>\nPATRONO: SEBASTI\u00c3O GOMES DA SILVA BELFORT<\/strong><br \/>\n1\u00ba Ocupante: Antonio Lopes Ribeiro Dias<br \/>\n2\u00ba Ocupante: Candido Pereira de Sousa Bispo<br \/>\n3\u00ba Ocupante: M\u00e1rio Martins Meireles<br \/>\n4\u00ba Ocupante: Almir Moraes Correia<br \/>\n5\u00ba Ocupante: Sebasti\u00e3o Barreto de Brito<br \/>\n6\u00ba Ocupante: Manoel dos Santos Neto (Art 14 \u2013 declarado vaga na AGO 25.01.2023)<br \/>\nOcupante Atual: S\u00e1lvio Dino de Castro e Costa Junior<\/p>\n<p><strong>CADEIRA N\u00ba 12<br \/>\nPATRONO: CEL. FRANCISCO DE PAULA RIBEIRO<\/strong><br \/>\n1\u00ba Ocupante: Jo\u00e3o Parsondas de Carvalho<br \/>\n2\u00ba Ocupante: Liberalino Pinto Miranda<br \/>\n3\u00ba Ocupante: Dr. Ces\u00e1rio dos Santos Veras<br \/>\n4\u00ba Ocupante: Eloy Coelho Netto<br \/>\nOcupante Atual: Dr. Natalino Salgado Filho<\/p>\n<p><strong>CADEIRA 13<br \/>\nPATRONO: RAIMUNDO JOS\u00c9 DE SOUSA GAYOSO<\/strong><br \/>\n1\u00ba Ocupante: Jos\u00e9 Pedro Ribeiro<br \/>\n2\u00ba Ocupante: Oswaldo da Silva Soares<br \/>\n3\u00ba Ocupante: Alu\u00edzio Ribeiro da Silva<br \/>\n4\u00ba Ocupante: T\u00e1cito da Silveira Caldas<br \/>\n5\u00ba Ocupante: Gilberto Matos Aroucha (renunciante t\u00e1cita)<br \/>\n6\u00ba Ocupante: Sofiane Labidi (renunciante t\u00e1cita)<br \/>\nOcupante Atual: Felipe Costa Camar\u00e3o<\/p>\n<p><strong>CADEIRA 14<br \/>\nPATRONO: ANTONIO BERNADINO PEREIRA DE LAGO<\/strong><br \/>\n1\u00ba Ocupante: C\u00f4nsul Manoel Fran Paxeco<br \/>\n2\u00ba Ocupante: Aderson de Carvalho Lago<br \/>\n3\u00ba Ocupante: Mario Lincoln dos Santos (S\u00f3cio Correspondente)<br \/>\nOcupante Atual: Dr. Jos\u00e9 Marcelo do Esp\u00edrito Santo<\/p>\n<p><strong>CADEIRA 15<br \/>\nPATRONO: JO\u00c3O ANTONIO GARCIA DE ABRANCHES<\/strong><br \/>\n1\u00ba Ocupante: Dr. Jos\u00e9 Eduardo de Abranches Moura<br \/>\n2\u00ba Ocupante: Astolfo Serra<br \/>\n3\u00ba Ocupante: Ronald da Silva Carvalho<br \/>\nOcupante Atual: Dr. Jos\u00e9 Marcio Soares Leite<\/p>\n<p><strong>CADEIRA 16<br \/>\nPATRONO: FREI FRANCISCO DE NOSSA SENHORA DOS PRAZERES<\/strong><br \/>\n1\u00ba Ocupante: Cel Virg\u00edlio Domingues da Silva<br \/>\n2\u00ba Ocupante: Felipe Condur\u00fa Pacheco<br \/>\n3\u00ba Ocupante: Miguel Arc\u00e2ngelo Bernandes Filho (S\u00f3cio Honor\u00e1rio)<br \/>\n4\u00ba Ocupante: Adalberto Franklin (renunciante t\u00e1cita)<br \/>\n5\u00ba Ocupante: Paulo Eduardo de Sousa Pereira (Art 14 \u2013 declarado vaga na AGO 25.01.2023)<br \/>\nOcupante Atual: Luiz Thadeu Nunes e Silva<\/p>\n<p><strong>CADEIRA 17<br \/>\nPATRONO: FREI CUST\u00d3DIO ALVES SERR\u00c3O<\/strong><br \/>\n1\u00ba Ocupante: Dr. Aquiles F. Lisboa<br \/>\n2\u00ba Ocupante: Fernando Ribamar Viana<br \/>\n3\u00ba Ocupante: Raimundo Carvalho Guimar\u00e3es<br \/>\n4\u00ba Ocupante: Ernane Jos\u00e9 de Ara\u00fajo<br \/>\n5\u00ba Ocupante: Paulo Oliveira (renunciante t\u00e1cita)<br \/>\nOcupante Atual: Profa. Me. Maria Goretti Cavalcante de Carvalho<\/p>\n<p><strong>CADEIRA 18<br \/>\nPATRONO: JO\u00c3O FRANCISCO LISBOA<\/strong><br \/>\n1\u00ba Ocupante: Wilson da Silva Soares<br \/>\n2\u00ba Ocupante: Olavo Alexandre Correia Lima<br \/>\n3\u00ba Ocupante: Lourival Borda Santos<br \/>\nManoel de Jesus Lopes<br \/>\nOcupante Atual: Clores Holanda Silva<\/p>\n<p><strong>CADEIRA 19<br \/>\nPATRONO: CANDIDO MENDES DE ALMEIDA<\/strong><br \/>\n1\u00ba Ocupante: Dr. Justo Jansen Ferreira<br \/>\n2\u00ba Ocupante: Des. Leopoldino do Rego Lisboa<br \/>\n3\u00ba Ocupante: Virg\u00edlio Domingues da Silva Filho<br \/>\n4\u00ba Ocupante: Cl\u00f3vis Pereira Ramos (s\u00f3cio correspondente)<br \/>\nOcupante Atual: C\u00e9lio Gitahy Vaz Sardinha<\/p>\n<p><strong>CADEIRA N.\u00ba 20<br \/>\nPATRONO: ANTONIO GON\u00c7ALVES DIAS<\/strong><br \/>\n1\u00ba Ocupante: Dr. Jo\u00e3o Braulino de Carvalho<br \/>\n2\u00ba Ocupante: Jo\u00e3o Lima Sobrinho<br \/>\nOcupante Atual: Dra. Elimar Figueiredo de Almeida Silva<\/p>\n<p><strong>CADEIRA N.\u00ba 21<br \/>\nPATRONO: ANT\u00d4NIO HENRIQUES LEAL<\/strong><br \/>\n1\u00ba Ocupante: Gen. Luso Torres<br \/>\n2\u00ba Ocupante: Jos\u00e9 Ribamar Seguins (Ex Presidente)<br \/>\nOcupante Atual: Jos\u00e9 Augusto Silva Oliveira<\/p>\n<p><strong>CADEIRA N.\u00ba 22<br \/>\nPATRONO: C\u00c9SAR AUGUSTO MARQUES<\/strong><br \/>\n1\u00ba Ocupante: Domingos de Castro Perdig\u00e3o<br \/>\n2\u00ba Ocupante: Fernando Eug\u00eanio dos Reis Perdig\u00e3o<br \/>\n3\u00ba Ocupante: Raimundo Nonato Travassos Furtado<br \/>\n4\u00ba Ocupante: Carlos Orlando Rodrigues de Lima<br \/>\nOcupante atual: Euges Silva de Lima<\/p>\n<p><strong>CADEIRA N.\u00ba 23<br \/>\nPATRONO: LUIZ ANT\u00d4NIO VIEIRA DA SILVA<\/strong><br \/>\n1\u00ba Ocupante: Des. Domingos Am\u00e9rico de Carvalho<br \/>\n2\u00ba Ocupante: Nicolau Dino de Castro e Costa<br \/>\n3\u00ba Ocupante: Merval de Oliveira Melo<br \/>\n4\u00ba Ocupante: Jo\u00e3o Francisco Batalha (renunciante t\u00e1cita)<br \/>\nOcupante atual: Jhonatan Uelson Pereira Sousa de Almada<\/p>\n<p><strong>CADEIRA N.\u00ba 24<br \/>\nPATRONO: ANTONIO ENES DE SOUSA<\/strong><br \/>\n1\u00ba Ocupante: Dr. Jos\u00e9 Domingues da Silva<br \/>\n2\u00ba Ocupante: Jos\u00e9 Silvestre Fernandes<br \/>\n3\u00ba Ocupante: Dr. Salom\u00e3o Fiquene<br \/>\n4\u00ba Ocupante: Paulo S\u00e9rgio Castro Pereira (renunciante t\u00e1cita)<br \/>\nOcupante atual: Elizabeth Sousa Abrantes<\/p>\n<p><strong>CADEIRA N.\u00ba 25<br \/>\nPATRONO: CELSO TERTULIANO DA CUNHA MAGALH\u00c3ES<\/strong><br \/>\n1\u00ba Ocupante: Antonio Lopes da Cunha<br \/>\n2\u00ba Ocupante: Odilon da Silva Soares<br \/>\n3\u00ba Ocupante: Aymor\u00e9 de Castro Alvim<br \/>\nOcupante atual: Cleones Carvalho Cunha<\/p>\n<p><strong>CADEIRA N.\u00ba 26<br \/>\nPATRONO: LUIS FELIPE GONZAGA DE CAMPOS<\/strong><br \/>\n1\u00ba Ocupante: Alcino Cruz Guimar\u00e3es<br \/>\n2\u00ba Ocupante: Jos\u00e9 Joaquim Guimar\u00e3es Ramos (honor\u00e1rio)<br \/>\nOcupante atual: Maria H\u00e9lia Cruz de Lima<\/p>\n<p><strong>CADEIRA N.\u00ba 27<br \/>\nPATRONO: RAIMUNDO LOPES DA CUNHA<\/strong><br \/>\n1\u00ba Ocupante: Cel. Tasso de Moraes R\u00eago Serra<br \/>\nRaimunda Nonata Fortes Carvalho Neta (S\u00f3cia Correspondente &#8211; 25.01.2012)<br \/>\nOcupante atual: Assir Alves da Silva<\/p>\n<p><strong>CADEIRA N.\u00ba 28<br \/>\nPATRONO: RAIMUNDO NINA RODRIGUES<\/strong><br \/>\n1\u00ba Ocupante: Jo\u00e3o Bacelar Portela<br \/>\n2\u00ba Ocupante: Celso Aires Anchieta<br \/>\n3\u00ba Ocupante: Benedito Clementino de Siqueira Moura<br \/>\n4\u00ba Ocupante: Cl\u00eania de Jesus Pereira dos Santos (renunciante t\u00e1cita)<br \/>\nOcupante atual: Raimundo da Silva Costa<\/p>\n<p><strong>CADEIRA N.\u00ba 29<br \/>\nPATRONO: JOS\u00c9 RIBEIRO DO AMARAL<\/strong><br \/>\n1\u00ba Ocupante: Arnaldo de Jesus Ferreira<br \/>\n2\u00ba Ocupante: Lu\u00eds Carlos Cunha<br \/>\n3\u00ba Ocupante: Antonio Rufino Filho (Pediu afastamento)<br \/>\nOcupante atual: Abianci Alves de Melo<\/p>\n<p><strong>CADEIRA N.\u00ba 30<br \/>\nPATRONO: JUSTO JANSEN FERREIRA<\/strong><br \/>\n1\u00ba Ocupante: Ol\u00edmpio Ribeiro Fialho<br \/>\n2\u00ba Ocupante: Prof\u00aa. Ilz\u00e9 Vieira de Melo Cordeiro (S\u00f3cia honor\u00e1ria e falecida em 04.07.2017)<br \/>\nOcupante atual: Edna Maria de Carvalho Chaves<\/p>\n<p><strong>CADEIRA N.\u00ba 31<br \/>\nPATRONO: ANTONIO LOPES DA CUNHA<\/strong><br \/>\n1\u00ba Ocupante: Jos\u00e9 Sarney (S\u00f3cio Honor\u00e1rio)<br \/>\nOcupante atual: Ronald Pereira dos Santos<\/p>\n<p><strong>CADEIRA N.\u00ba 32<br \/>\nPATRONO: ACHILLES DE FARIA LISBOA<\/strong><br \/>\n1\u00ba Ocupante: Jos\u00e9 Ribeiro de S\u00e1 Vale<br \/>\n2\u00ba Ocupante: Waldemar da Silva Carvalho<br \/>\n3\u00ba Ocupante: Jo\u00e3o Mendon\u00e7a Cordeiro (Pediu para sair)<br \/>\nOcupante atual: Cristiano de Lima Vaz Sardinha<\/p>\n<p><strong>CADEIRA N.\u00ba 33<br \/>\nPATRONO: FREI CRISTOV\u00c3O DE LISBOA<\/strong><br \/>\n1\u00ba Ocupante: Orlandex Pereira Viana<br \/>\n2\u00ba Ocupante: Terezinha de Jesus Almeida Silva R\u00eago (S\u00f3cia Honor\u00e1ria \u2013 16.11.2022)<br \/>\nOcupante atual: Wanda Cristina da Cunha e Silva<\/p>\n<p><strong>CADEIRA N.\u00ba 34<br \/>\nPATRONO: WILSON DA SILVA SOARES<\/strong><br \/>\n1\u00ba Ocupante: Elizabeto Barbosa de Carvalho<br \/>\n2\u00ba Ocupante: Fernando Barbosa de Carvalho<br \/>\n3\u00ba Ocupante: Ariceya Moreira Lima da Silva<br \/>\nOcupante atual: Jos\u00e9 Jorge Leite Soares<\/p>\n<p><strong>CADEIRA N.\u00ba 35<br \/>\nPATRONO: DOMINGOS DE CASTRO PERDIG\u00c3O<\/strong><br \/>\n1\u00ba Ocupante: Thucydides Barbosa (tio-bisav\u00f4 do Pe. Jo\u00e3o Dias Rezende Filho)<br \/>\n2\u00ba Ocupante: Antenor Mour\u00e3o Bog\u00e9a<br \/>\n3\u00ba Ocupante: Benedito Bog\u00e9a Buzar<br \/>\n4\u00ba Ocupante: C\u00e2ndido Jos\u00e9 Martins de Oliveira (Renunciante t\u00e1cito) (faleceu &#8211; 19.abril. 2016)<br \/>\n5\u00ba Ocupante: Pe. Jo\u00e3o Dias Rezende Filho (Faleceu \u2013 05.05.2021)<br \/>\nOcupante atual: Silvia Jorge Dino<\/p>\n<p><strong>CADEIRA N.\u00ba 36<br \/>\nPATRONO: ASTOLFO DE BARROS SERRA<\/strong><br \/>\n1\u00ba Ocupante: Jo\u00e3o Freire de Medeiros<br \/>\nOcupante atual: Ana Luiza Almeida Ferro<\/p>\n<p><strong>CADEIRA N.\u00ba 37<br \/>\nPATRONO: JOS\u00c9 CONSTANTINO GOMES DE CASTRO<\/strong><br \/>\n1\u00ba Ocupante: Maria de Concei\u00e7\u00e3o Ferreira<br \/>\nOcupante atual: Madalena Martins de Sousa Neves<\/p>\n<p><strong>CADEIRA N.\u00ba 38<br \/>\nPATRONO: ANTONIO BATISTA BARBOSA DE GOD\u00d3IS<\/strong><br \/>\n1\u00ba Ocupante: Waldemar de Sousa Santos<br \/>\n2\u00ba Ocupante: Carlos Alberto Lima Co\u00ealho<br \/>\n3\u00ba Ocupante: Roque Pires Macatr\u00e3o (renunciante t\u00e1cita)<br \/>\n4\u00ba Ocupante: Raimundo Nonato Costa Guilhermino (Natinho Costa F\u00eanix) (renunciante t\u00e1cita)<br \/>\nOcupante atual: Francisco Roberto Brand\u00e3o Ferreira<\/p>\n<p><strong>CADEIRA N.\u00ba 39<br \/>\nPATRONO: FRANCISCO GAUD\u00caNCIO SABBAS DA COSTA<\/strong><br \/>\n1\u00ba Ocupante: Lu\u00eds Alfredo Neto Guterres Soares<br \/>\nOcupante atual: Raimundo Nonato Palhano Silva<\/p>\n<p><strong>CADEIRA N.\u00ba 40<br \/>\nPATRONO: JO\u00c3O DUNSHEE DE ABRANCHES MOURA<\/strong><br \/>\n1\u00ba Ocupante: Jos\u00e9 Ribamar Ferreira<br \/>\n2\u00ba Ocupante: Pedro R\u00e1tis de Santana<br \/>\n3\u00ba Ocupante: Carlos Thadeu Pinheiro Gaspar (renunciante t\u00e1cita)<br \/>\nOcupante atual: Leopoldo Gil Dulcio Vaz<\/p>\n<p><strong>CADEIRA N.\u00ba 41<br \/>\nPATRONO: JOS\u00c9 DOMINGUES DA SILVA<\/strong><br \/>\n1\u00ba Ocupante: C\u00e1ssio Reis Costa<br \/>\n2\u00ba Ocupante: Hedel Jorge \u00c1zar \u2013 ex-presidente<br \/>\nOcupante Atual: Dr. Raul Eduardo de Canedo Vieira da Silva<\/p>\n<p><strong>CADEIRA N.\u00ba 42<br \/>\nPATRONO: ANT\u00d4NIO DO R\u00caGO<\/strong><br \/>\n1\u00ba Ocupante: Sebasti\u00e3o Moacir X\u00e9rex<br \/>\n2\u00ba Ocupante: Dr. Nywaldo Guimar\u00e3es Macieira (Ex Presidente) \u2013 Faleceu 26.12.2015<br \/>\n3\u00ba Ocupante: Dr. Celso da Concei\u00e7\u00e3o Coutinho \u2013 Faleceu 02.05.2020<br \/>\nOcupante atual: Dr. Jos\u00e9 Ribamar Trov\u00e3o<\/p>\n<p><strong>CADEIRA N.\u00ba 43<br \/>\nPATRONO: TASSO FRAGOSO<\/strong><br \/>\n1\u00ba Ocupante: J\u00e9ferson Moreira<br \/>\n2\u00b0 Ocupante: Jos\u00e9 Cloves Verde Saraiva<br \/>\n3\u00ba Ocupante: Amandino Teixeira Nunes (S\u00f3cio Honor\u00e1rio)<br \/>\n4\u00ba Ocupante: Antonio Jos\u00e9 Noberto da Silva (Art 14 \u2013 declarado vaga na AGO 25.01.2023)<br \/>\nOcupante atual: Aline Carvalho do Nascimento<\/p>\n<p><strong>CADEIRA N.\u00ba 44<br \/>\nPATRONO: TEMISTOCLES DA SILVA MACIEL ARANHA<\/strong><br \/>\n1\u00ba Ocupante: Des. Lu\u00eds Cortez Vieira da Silva<br \/>\n2\u00ba Ocupante: Prof.\u00aa Eneida Vieira da Silva Ostria de Canedo (falecida em 09.07.2017)<br \/>\nOcupante atual: Jos\u00e9 Bello Salgado Neto<\/p>\n<p><strong>CADEIRA N.\u00ba 45<br \/>\nPATRONO: MANOEL NOGUEIRA DA SILVA<\/strong><br \/>\n1\u00ba Ocupante: Jos\u00e9 Manoel Nogueira Vinhais<br \/>\n2\u00ba Ocupante: Dagmar Desterro e Silva<br \/>\n3\u00ba Ocupante: Wanda Cristina da Cunha e Silva<br \/>\nOcupante atual: Aldy Mello de Ara\u00fajo<\/p>\n<p><strong>CADEIRA N.\u00ba 46<br \/>\nPATRONO: D. FRANCISCO DE PAULA E SILVA<\/strong><br \/>\n1\u00ba Ocupante: Luiz de Moraes R\u00eago \u2013 S\u00f3cio Honor\u00e1rio<br \/>\n2\u00ba Ocupante: Prof\u00aa. Maria Esterlina Mello Pereira (S\u00f3cia Honor\u00e1ria \u2013 16.11.2022)<br \/>\nOcupante atual: Jonilson Silva Bog\u00e9a<\/p>\n<p><strong>CADEIRA N.\u00ba 47<br \/>\nPATRONO: JOAQUIM DE MARIA SERRA SOBRINHO<\/strong><br \/>\n1\u00ba Ocupante: Domingos Vieira Filho<br \/>\n2\u00ba Ocupante: Domingos Chateaubriand de Sousa<br \/>\n3\u00ba Ocupante: Kalil Mohana<br \/>\nOcupante atual: Joaquim Elias Nagib Pinto Haickel<\/p>\n<p>CADEIRA N.\u00ba 48<br \/>\nPATRONO: FRANCISCO SOTERO DOS REIS<br \/>\n1\u00ba Ocupante: Jos\u00e9 de Mata Roma<br \/>\nOcupante atual: Marcio Augusto Vasconcelos Coutinho<\/p>\n<p><strong>CADEIRA N.\u00ba 49<br \/>\nPATRONO: JO\u00c3O DA MATA DE MORAES<\/strong><br \/>\n1\u00ba Ocupante: Jos\u00e9 de Ribamar Fernandes (S\u00f3cio honor\u00e1rio) \u2013 faleceu dia 15.03.2023<br \/>\nOcupante atual: Josiel Ribeiro Ferreira<\/p>\n<p><strong>CADEIRA N.\u00ba 50<br \/>\nPATRONO: PADRE ANT\u00d4NIO PEREIRA<\/strong><br \/>\n1\u00ba Ocupante: C\u00f4nego Benedito Ewerton Costa<br \/>\n2\u00ba Ocupante: Padre Clauber Pereira Lima (S\u00f3cio correspondente)<br \/>\n3\u00ba Ocupante: Neide Maria Ferreira Lima (Renunciante T\u00e1cito)<br \/>\nOcupante atual: Iran de Jesus Rodrigues dos Passos<\/p>\n<p><strong>CADEIRA N.\u00ba 51<br \/>\nPATRONO: RUBEN RIBEIRO DE ALMEIDA<\/strong><br \/>\n1\u00ba Ocupante: Edomir Martins de Oliveira<br \/>\n2\u00ba Ocupante: Maria de Nazar\u00e9 Leite da Silva (falecimento 29 de abril de 2019)<br \/>\nOcupante atual: Yuri Michael Pereira Costa<\/p>\n<p><strong>CADEIRA N.\u00ba 52<br \/>\nPATRONO: JOAQUIM GOMES DE SOUSA<\/strong><br \/>\n1\u00ba Ocupante: Jos\u00e9 Moreira<br \/>\nOcupante atual: Joseh Carlos Ara\u00fajo<\/p>\n<p><strong>CADEIRA N.\u00ba 53<br \/>\nPATRONO: JOS\u00c9 NASCIMENTO DE MORAES<\/strong><br \/>\n1\u00ba Ocupante: Manoel de Oliveira Gomes<br \/>\n2\u00ba Ocupante: Salom\u00e3o Pereira Rocha \u2013 s\u00f3cio honor\u00e1rio (faleceu dia 23.06.2023)<br \/>\nOcupante atual: Rita Ivana Barbosa Gomes<\/p>\n<p><strong>CADEIRA N.\u00ba 54<br \/>\nPATRONO: DOM FELIPE CONDUR\u00da PACHECO<\/strong><br \/>\n1\u00ba Ocupante: Kleber Moreira de Sousa<br \/>\n2\u00ba Ocupante: \u00c1lvaro Urubatan Melo (renunciante t\u00e1cita)<br \/>\nOcupante atual: Jadson Passinho Gon\u00e7alves (posse dia 09.11.2018)<\/p>\n<p><strong>CADEIRA N.\u00ba 55<br \/>\nPATRONO: JOS\u00c9 RIBEIRO DE S\u00c1 VALE<\/strong><br \/>\n1\u00ba Ocupante: Joseth Coutinho Martins de Freitas (s\u00f3cia honor\u00e1ria) \u2013 falecimento 01.09.2021<br \/>\nOcupante atual: Josefa Ribeiro da Costa<\/p>\n<p><strong>CADEIRA N.\u00ba 56<br \/>\nPATRONO: JER\u00d4NIMO JOS\u00c9 DE VIVEIROS<\/strong><br \/>\n1\u00ba Ocupante: Jos\u00e9 Ribamar Sousa dos Reis<br \/>\nOcupante: Joana Maria Bittencourt<br \/>\nOcupante Atual: Diogo Guagliardo Neves<\/p>\n<p><strong>CADEIRA N.\u00ba 57<br \/>\nPATRONO: JOS\u00c9 EDUARDO DE ABRANCHES MOURA<\/strong><br \/>\n1\u00ba Ocupante: Jos\u00e9 Adirson de Vasconcelos<br \/>\n2\u00ba Ocupante: Augusto da Silva de Carvalho<br \/>\n3\u00ba Ocupante: Arthur Almada Lima Filho (Nascido em 1929 &#8211; falecido em 27\/10\/2021)<br \/>\nOcupante atual: Ant\u00f4nio Agenor Gomes<\/p>\n<p><strong>CADEIRA 58<br \/>\nPATRONO: JO\u00c3O PARSONDAS DE CARVALHO<\/strong><br \/>\nPrimeiro Ocupante: ?<br \/>\nOcupante Atual: Washington Lu\u00eds Maciel Cantanhede<\/p>\n<p><strong>CADEIRA N.\u00ba 59<br \/>\nPATRONO: OL\u00cdMPIO RIBEIRO FIALHO<\/strong><br \/>\n1\u00ba Ocupante: Jos\u00e9 da Costa Mendes Pereira<br \/>\nOcupante Atual: Elizabeth Pereira Rodrigues<\/p>\n<p><strong>CADEIRA N.\u00ba 60<br \/>\nPATRONO: CON\u00caGO JOS\u00c9 DE RIBAMAR CARVALHO<\/strong><br \/>\n1\u00ba Ocupante: Francisco Alves Camelo<br \/>\n2\u00ba Ocupante: Pe. Raimundo Gomes Meireles (Art 14 \u2013 declarado vaga na AGO 25.01.2023)<br \/>\nOcupante Atual: Gutemberg Fernandes de Ara\u00fajo<\/p>\n","protected":false},"excerpt":{"rendered":"<p>CADEIRA N.\u00ba 01 PATRONO: CLAUDE D\u2019ABBEVILLE 1\u00ba Ocupante: Mons. Jos\u00e9 Maria Lemercier 2\u00ba Ocupante: Prof. Jer\u00f4nimo Jos\u00e9 de Viveiros 3\u00ba Ocupante: Mons. Ladislau Papp 4\u00ba Ocupante: Laura Rosa dos Reis Ocupante Atual: Dra. Dilercy Arag\u00e3o Adler (ver curriculo) CADEIRA N.\u00ba<\/p>\n","protected":false},"author":2,"featured_media":0,"parent":15,"menu_order":16,"comment_status":"closed","ping_status":"closed","template":"","meta":{"footnotes":""},"class_list":["post-27","page","type-page","status-publish","hentry"],"yoast_head":"<!-- This site is optimized with the Yoast SEO plugin v20.5 - https:\/\/yoast.com\/wordpress\/plugins\/seo\/ -->\n<title>Patronos e Ocupantes - IHGM -<\/title>\n<meta name=\"robots\" content=\"index, follow, max-snippet:-1, max-image-preview:large, max-video-preview:-1\" \/>\n<link rel=\"canonical\" href=\"https:\/\/ihgm.org.br\/site\/institucional\/patronoseocupantes\/\" \/>\n<meta property=\"og:locale\" content=\"pt_BR\" \/>\n<meta property=\"og:type\" content=\"article\" \/>\n<meta property=\"og:title\" content=\"Patronos e Ocupantes - IHGM -\" \/>\n<meta property=\"og:description\" content=\"CADEIRA N.\u00ba 01 PATRONO: CLAUDE D\u2019ABBEVILLE 1\u00ba Ocupante: Mons. Jos\u00e9 Maria Lemercier 2\u00ba Ocupante: Prof. Jer\u00f4nimo Jos\u00e9 de Viveiros 3\u00ba Ocupante: Mons. Ladislau Papp 4\u00ba Ocupante: Laura Rosa dos Reis Ocupante Atual: Dra. Dilercy Arag\u00e3o Adler (ver curriculo) CADEIRA N.\u00ba\" \/>\n<meta property=\"og:url\" content=\"https:\/\/ihgm.org.br\/site\/institucional\/patronoseocupantes\/\" \/>\n<meta property=\"og:site_name\" content=\"IHGM -\" \/>\n<meta property=\"article:modified_time\" content=\"2026-06-21T23:56:19+00:00\" \/>\n<meta name=\"twitter:card\" content=\"summary_large_image\" \/>\n<script type=\"application\/ld+json\" class=\"yoast-schema-graph\">{\"@context\":\"https:\/\/schema.org\",\"@graph\":[{\"@type\":\"WebPage\",\"@id\":\"https:\/\/ihgm.org.br\/site\/institucional\/patronoseocupantes\/\",\"url\":\"https:\/\/ihgm.org.br\/site\/institucional\/patronoseocupantes\/\",\"name\":\"Patronos e Ocupantes - IHGM -\",\"isPartOf\":{\"@id\":\"https:\/\/ihgm.org.br\/site\/#website\"},\"datePublished\":\"2026-04-24T15:00:56+00:00\",\"dateModified\":\"2026-06-21T23:56:19+00:00\",\"breadcrumb\":{\"@id\":\"https:\/\/ihgm.org.br\/site\/institucional\/patronoseocupantes\/#breadcrumb\"},\"inLanguage\":\"pt-BR\",\"potentialAction\":[{\"@type\":\"ReadAction\",\"target\":[\"https:\/\/ihgm.org.br\/site\/institucional\/patronoseocupantes\/\"]}]},{\"@type\":\"BreadcrumbList\",\"@id\":\"https:\/\/ihgm.org.br\/site\/institucional\/patronoseocupantes\/#breadcrumb\",\"itemListElement\":[{\"@type\":\"ListItem\",\"position\":1,\"name\":\"In\u00edcio\",\"item\":\"https:\/\/ihgm.org.br\/site\/\"},{\"@type\":\"ListItem\",\"position\":2,\"name\":\"INSTITUCIONAL\",\"item\":\"https:\/\/ihgm.org.br\/site\/institucional\/\"},{\"@type\":\"ListItem\",\"position\":3,\"name\":\"Patronos e Ocupantes\"}]},{\"@type\":\"WebSite\",\"@id\":\"https:\/\/ihgm.org.br\/site\/#website\",\"url\":\"https:\/\/ihgm.org.br\/site\/\",\"name\":\"IHGM -\",\"description\":\"Instituto Hist\u00f3rico e Geogr\u00e1fico do Maranh\u00e3o\",\"potentialAction\":[{\"@type\":\"SearchAction\",\"target\":{\"@type\":\"EntryPoint\",\"urlTemplate\":\"https:\/\/ihgm.org.br\/site\/?s={search_term_string}\"},\"query-input\":\"required name=search_term_string\"}],\"inLanguage\":\"pt-BR\"}]}<\/script>\n<!-- \/ Yoast SEO plugin. -->","yoast_head_json":{"title":"Patronos e Ocupantes - IHGM -","robots":{"index":"index","follow":"follow","max-snippet":"max-snippet:-1","max-image-preview":"max-image-preview:large","max-video-preview":"max-video-preview:-1"},"canonical":"https:\/\/ihgm.org.br\/site\/institucional\/patronoseocupantes\/","og_locale":"pt_BR","og_type":"article","og_title":"Patronos e Ocupantes - IHGM -","og_description":"CADEIRA N.\u00ba 01 PATRONO: CLAUDE D\u2019ABBEVILLE 1\u00ba Ocupante: Mons. Jos\u00e9 Maria Lemercier 2\u00ba Ocupante: Prof. Jer\u00f4nimo Jos\u00e9 de Viveiros 3\u00ba Ocupante: Mons. Ladislau Papp 4\u00ba Ocupante: Laura Rosa dos Reis Ocupante Atual: Dra. Dilercy Arag\u00e3o Adler (ver curriculo) CADEIRA N.\u00ba","og_url":"https:\/\/ihgm.org.br\/site\/institucional\/patronoseocupantes\/","og_site_name":"IHGM -","article_modified_time":"2026-06-21T23:56:19+00:00","twitter_card":"summary_large_image","schema":{"@context":"https:\/\/schema.org","@graph":[{"@type":"WebPage","@id":"https:\/\/ihgm.org.br\/site\/institucional\/patronoseocupantes\/","url":"https:\/\/ihgm.org.br\/site\/institucional\/patronoseocupantes\/","name":"Patronos e Ocupantes - IHGM -","isPartOf":{"@id":"https:\/\/ihgm.org.br\/site\/#website"},"datePublished":"2026-04-24T15:00:56+00:00","dateModified":"2026-06-21T23:56:19+00:00","breadcrumb":{"@id":"https:\/\/ihgm.org.br\/site\/institucional\/patronoseocupantes\/#breadcrumb"},"inLanguage":"pt-BR","potentialAction":[{"@type":"ReadAction","target":["https:\/\/ihgm.org.br\/site\/institucional\/patronoseocupantes\/"]}]},{"@type":"BreadcrumbList","@id":"https:\/\/ihgm.org.br\/site\/institucional\/patronoseocupantes\/#breadcrumb","itemListElement":[{"@type":"ListItem","position":1,"name":"In\u00edcio","item":"https:\/\/ihgm.org.br\/site\/"},{"@type":"ListItem","position":2,"name":"INSTITUCIONAL","item":"https:\/\/ihgm.org.br\/site\/institucional\/"},{"@type":"ListItem","position":3,"name":"Patronos e Ocupantes"}]},{"@type":"WebSite","@id":"https:\/\/ihgm.org.br\/site\/#website","url":"https:\/\/ihgm.org.br\/site\/","name":"IHGM -","description":"Instituto Hist\u00f3rico e Geogr\u00e1fico do Maranh\u00e3o","potentialAction":[{"@type":"SearchAction","target":{"@type":"EntryPoint","urlTemplate":"https:\/\/ihgm.org.br\/site\/?s={search_term_string}"},"query-input":"required name=search_term_string"}],"inLanguage":"pt-BR"}]}},"_links":{"self":[{"href":"https:\/\/ihgm.org.br\/site\/wp-json\/wp\/v2\/pages\/27","targetHints":{"allow":["GET"]}}],"collection":[{"href":"https:\/\/ihgm.org.br\/site\/wp-json\/wp\/v2\/pages"}],"about":[{"href":"https:\/\/ihgm.org.br\/site\/wp-json\/wp\/v2\/types\/page"}],"author":[{"embeddable":true,"href":"https:\/\/ihgm.org.br\/site\/wp-json\/wp\/v2\/users\/2"}],"replies":[{"embeddable":true,"href":"https:\/\/ihgm.org.br\/site\/wp-json\/wp\/v2\/comments?post=27"}],"version-history":[{"count":2,"href":"https:\/\/ihgm.org.br\/site\/wp-json\/wp\/v2\/pages\/27\/revisions"}],"predecessor-version":[{"id":176,"href":"https:\/\/ihgm.org.br\/site\/wp-json\/wp\/v2\/pages\/27\/revisions\/176"}],"up":[{"embeddable":true,"href":"https:\/\/ihgm.org.br\/site\/wp-json\/wp\/v2\/pages\/15"}],"wp:attachment":[{"href":"https:\/\/ihgm.org.br\/site\/wp-json\/wp\/v2\/media?parent=27"}],"curies":[{"name":"wp","href":"https:\/\/api.w.org\/{rel}","templated":true}]}}